{"id":44754,"date":"2025-11-23T07:46:51","date_gmt":"2025-11-23T06:46:51","guid":{"rendered":"https:\/\/staging.bodymindandsoulmallorca.com\/?page_id=44754"},"modified":"2025-11-24T09:04:39","modified_gmt":"2025-11-24T08:04:39","slug":"ueber-uns","status":"publish","type":"page","link":"https:\/\/staging.bodymindandsoulmallorca.com\/en\/ueber-uns\/","title":{"rendered":"About us"},"content":{"rendered":"<div data-elementor-type=\"wp-page\" data-elementor-id=\"44754\" class=\"elementor elementor-44754\" data-elementor-post-type=\"page\">\n\t\t\t\t<div class=\"elementor-element elementor-element-ea22936 e-flex e-con-boxed e-con e-parent\" data-id=\"ea22936\" data-element_type=\"container\">\n\t\t\t\t\t<div class=\"e-con-inner\">\n\t\t<div class=\"elementor-element elementor-element-08586ff e-con-full e-flex e-con e-child\" data-id=\"08586ff\" data-element_type=\"container\" data-settings=\"{&quot;background_background&quot;:&quot;classic&quot;}\">\n\t\t\t\t<\/div>\n\t\t<div class=\"elementor-element elementor-element-bb0a9cb e-con-full e-flex e-con e-child\" data-id=\"bb0a9cb\" data-element_type=\"container\">\n\t\t\t\t<div class=\"elementor-element elementor-element-acb1a43 elementor-widget elementor-widget-heading\" data-id=\"acb1a43\" data-element_type=\"widget\" data-widget_type=\"heading.default\">\n\t\t\t\t<div class=\"elementor-widget-container\">\n\t\t\t\t\t<h1 class=\"elementor-heading-title elementor-size-default\">About us <\/h1>\t\t\t\t<\/div>\n\t\t\t\t<\/div>\n\t\t\t\t<div class=\"elementor-element elementor-element-6f9246f elementor-widget elementor-widget-heading\" data-id=\"6f9246f\" data-element_type=\"widget\" data-widget_type=\"heading.default\">\n\t\t\t\t<div class=\"elementor-widget-container\">\n\t\t\t\t\t<h2 class=\"elementor-heading-title elementor-size-default\">Body Mind &amp; Soul Mallorca<\/h2>\t\t\t\t<\/div>\n\t\t\t\t<\/div>\n\t\t\t\t<div class=\"elementor-element elementor-element-01fa218 elementor-widget elementor-widget-text-editor\" data-id=\"01fa218\" data-element_type=\"widget\" data-widget_type=\"text-editor.default\">\n\t\t\t\t<div class=\"elementor-widget-container\">\n\t\t\t\t\t\t\t\t\t<p><b class=\"primary\">Body Mind &amp; Soul Mallorca<\/b> ist mehr als ein Event \u2013 es ist ein Raum der Weite.<br \/>Eine Einladung, dich zu sp\u00fcren. Dich zu verbinden. Zu wachsen.<br \/>Wir sind eine Bewegung f\u00fcr ganzheitliche Gesundheit &amp; ganzheitliches Leben. Bewusste<br \/>Begegnung und gelebte Transformation.<\/p><p>Hinter dem Event steht ein interdisziplin\u00e4res Team aus Vision\u00e4r:innen, Coaches, Kreativen &amp;<br \/>Macher:innen \u2013 vereint durch den Wunsch, Menschen wieder in ihre Kraft zu bringen.<\/p>\t\t\t\t\t\t\t\t<\/div>\n\t\t\t\t<\/div>\n\t\t\t\t<\/div>\n\t\t\t\t\t<\/div>\n\t\t\t\t<\/div>\n\t\t<div class=\"elementor-element elementor-element-6282fba e-flex e-con-boxed e-con e-parent\" data-id=\"6282fba\" data-element_type=\"container\">\n\t\t\t\t\t<div class=\"e-con-inner\">\n\t\t\t\t<div class=\"elementor-element elementor-element-f5e8d26 elementor-widget__width-initial elementor-widget elementor-widget-heading\" data-id=\"f5e8d26\" data-element_type=\"widget\" data-widget_type=\"heading.default\">\n\t\t\t\t<div class=\"elementor-widget-container\">\n\t\t\t\t\t<h2 class=\"elementor-heading-title elementor-size-default\">Unsere Vision:<br>Ganzheit durch bewusstes Leben und kollektive Heilung wiederherstellen.<\/h2>\t\t\t\t<\/div>\n\t\t\t\t<\/div>\n\t\t\t\t\t<\/div>\n\t\t\t\t<\/div>\n\t\t<div class=\"elementor-element elementor-element-c3dc725 e-flex e-con-boxed e-con e-parent\" data-id=\"c3dc725\" data-element_type=\"container\">\n\t\t\t\t\t<div class=\"e-con-inner\">\n\t\t<div class=\"elementor-element elementor-element-20b6079 e-con-full e-flex e-con e-child\" data-id=\"20b6079\" data-element_type=\"container\" data-settings=\"{&quot;background_background&quot;:&quot;classic&quot;}\">\n\t\t\t\t<\/div>\n\t\t<div class=\"elementor-element elementor-element-a444ce8 e-con-full e-flex e-con e-child\" data-id=\"a444ce8\" data-element_type=\"container\">\n\t\t\t\t<div class=\"elementor-element elementor-element-0b9643f elementor-widget elementor-widget-text-editor\" data-id=\"0b9643f\" data-element_type=\"widget\" data-widget_type=\"text-editor.default\">\n\t\t\t\t<div class=\"elementor-widget-container\">\n\t\t\t\t\t\t\t\t\t<p>Eine Welt, in der Heilung, Menschlichkeit und Bewusstsein wieder in der Mitte unserer<br \/>Gesellschaft stehen.<\/p><p>Wir schaffen R\u00e4ume, in denen K\u00f6rper, Geist und Seele gemeinsam wirken.<br \/>In denen neue Perspektiven entstehen \u2013 durch Wissenschaft, Weisheit und Selbsterfahrung.<br \/>Wir glauben an Verbindung statt Trennung, an Tiefe statt Oberfl\u00e4chlichkeit, an Liebe statt<br \/>Leistung.<\/p>\t\t\t\t\t\t\t\t<\/div>\n\t\t\t\t<\/div>\n\t\t\t\t<\/div>\n\t\t\t\t\t<\/div>\n\t\t\t\t<\/div>\n\t\t<div class=\"elementor-element elementor-element-81db73a e-flex e-con-boxed e-con e-parent\" data-id=\"81db73a\" data-element_type=\"container\">\n\t\t\t\t\t<div class=\"e-con-inner\">\n\t\t<div class=\"elementor-element elementor-element-817a469 e-con-full e-flex e-con e-child\" data-id=\"817a469\" data-element_type=\"container\" data-settings=\"{&quot;background_background&quot;:&quot;classic&quot;}\">\n\t\t\t\t<\/div>\n\t\t<div class=\"elementor-element elementor-element-1f9c7c3 e-con-full e-flex e-con e-child\" data-id=\"1f9c7c3\" data-element_type=\"container\">\n\t\t\t\t<div class=\"elementor-element elementor-element-7573d7d elementor-widget elementor-widget-heading\" data-id=\"7573d7d\" data-element_type=\"widget\" data-widget_type=\"heading.default\">\n\t\t\t\t<div class=\"elementor-widget-container\">\n\t\t\t\t\t<h1 class=\"elementor-heading-title elementor-size-default\">Werte<\/h1>\t\t\t\t<\/div>\n\t\t\t\t<\/div>\n\t\t\t\t<div class=\"elementor-element elementor-element-905b2ff elementor-widget elementor-widget-heading\" data-id=\"905b2ff\" data-element_type=\"widget\" data-widget_type=\"heading.default\">\n\t\t\t\t<div class=\"elementor-widget-container\">\n\t\t\t\t\t<h2 class=\"elementor-heading-title elementor-size-default\">die uns tragen<\/h2>\t\t\t\t<\/div>\n\t\t\t\t<\/div>\n\t\t\t\t<div class=\"elementor-element elementor-element-9603a39 elementor-widget elementor-widget-heading\" data-id=\"9603a39\" data-element_type=\"widget\" data-widget_type=\"heading.default\">\n\t\t\t\t<div class=\"elementor-widget-container\">\n\t\t\t\t\t<h2 class=\"elementor-heading-title elementor-size-default\">Grunds\u00e4tze, die unser Handeln und Miteinander leiten<\/h2>\t\t\t\t<\/div>\n\t\t\t\t<\/div>\n\t\t\t\t<div class=\"elementor-element elementor-element-a662d50 elementor-icon-list--layout-traditional elementor-list-item-link-full_width elementor-widget elementor-widget-icon-list\" data-id=\"a662d50\" data-element_type=\"widget\" data-widget_type=\"icon-list.default\">\n\t\t\t\t<div class=\"elementor-widget-container\">\n\t\t\t\t\t\t\t<ul class=\"elementor-icon-list-items\">\n\t\t\t\t\t\t\t<li class=\"elementor-icon-list-item\">\n\t\t\t\t\t\t\t\t\t\t\t<span class=\"elementor-icon-list-icon\">\n\t\t\t\t\t\t\t<i aria-hidden=\"true\" class=\"icon icon-chevron-right\"><\/i>\t\t\t\t\t\t<\/span>\n\t\t\t\t\t\t\t\t\t\t<span class=\"elementor-icon-list-text\">Authentizit\u00e4t<\/span>\n\t\t\t\t\t\t\t\t\t<\/li>\n\t\t\t\t\t\t\t\t<li class=\"elementor-icon-list-item\">\n\t\t\t\t\t\t\t\t\t\t\t<span class=\"elementor-icon-list-icon\">\n\t\t\t\t\t\t\t<i aria-hidden=\"true\" class=\"icon icon-chevron-right\"><\/i>\t\t\t\t\t\t<\/span>\n\t\t\t\t\t\t\t\t\t\t<span class=\"elementor-icon-list-text\">Wachstum &amp; Bewusstsein<\/span>\n\t\t\t\t\t\t\t\t\t<\/li>\n\t\t\t\t\t\t\t\t<li class=\"elementor-icon-list-item\">\n\t\t\t\t\t\t\t\t\t\t\t<span class=\"elementor-icon-list-icon\">\n\t\t\t\t\t\t\t<i aria-hidden=\"true\" class=\"icon icon-chevron-right\"><\/i>\t\t\t\t\t\t<\/span>\n\t\t\t\t\t\t\t\t\t\t<span class=\"elementor-icon-list-text\">Gemeinschaft &amp; Begegnung<\/span>\n\t\t\t\t\t\t\t\t\t<\/li>\n\t\t\t\t\t\t\t\t<li class=\"elementor-icon-list-item\">\n\t\t\t\t\t\t\t\t\t\t\t<span class=\"elementor-icon-list-icon\">\n\t\t\t\t\t\t\t<i aria-hidden=\"true\" class=\"icon icon-chevron-right\"><\/i>\t\t\t\t\t\t<\/span>\n\t\t\t\t\t\t\t\t\t\t<span class=\"elementor-icon-list-text\">Nachhaltigkeit &amp; Verantwortung<\/span>\n\t\t\t\t\t\t\t\t\t<\/li>\n\t\t\t\t\t\t\t\t<li class=\"elementor-icon-list-item\">\n\t\t\t\t\t\t\t\t\t\t\t<span class=\"elementor-icon-list-icon\">\n\t\t\t\t\t\t\t<i aria-hidden=\"true\" class=\"icon icon-chevron-right\"><\/i>\t\t\t\t\t\t<\/span>\n\t\t\t\t\t\t\t\t\t\t<span class=\"elementor-icon-list-text\">Freude &amp; Hingabe<\/span>\n\t\t\t\t\t\t\t\t\t<\/li>\n\t\t\t\t\t\t<\/ul>\n\t\t\t\t\t\t<\/div>\n\t\t\t\t<\/div>\n\t\t\t\t<\/div>\n\t\t\t\t\t<\/div>\n\t\t\t\t<\/div>\n\t\t<div class=\"elementor-element elementor-element-47cf35d e-flex e-con-boxed e-con e-parent\" data-id=\"47cf35d\" data-element_type=\"container\">\n\t\t\t\t\t<div class=\"e-con-inner\">\n\t\t<div class=\"elementor-element elementor-element-4f8d5b1 e-con-full e-flex e-con e-child\" data-id=\"4f8d5b1\" data-element_type=\"container\">\n\t\t\t\t<div class=\"elementor-element elementor-element-5ea1e0a elementor-widget elementor-widget-heading\" data-id=\"5ea1e0a\" data-element_type=\"widget\" data-widget_type=\"heading.default\">\n\t\t\t\t<div class=\"elementor-widget-container\">\n\t\t\t\t\t<h2 class=\"elementor-heading-title elementor-size-default\">Lust<\/h2>\t\t\t\t<\/div>\n\t\t\t\t<\/div>\n\t\t\t\t<div class=\"elementor-element elementor-element-77527ac elementor-widget elementor-widget-heading\" data-id=\"77527ac\" data-element_type=\"widget\" data-widget_type=\"heading.default\">\n\t\t\t\t<div class=\"elementor-widget-container\">\n\t\t\t\t\t<h2 class=\"elementor-heading-title elementor-size-default\">Teil unserer Vision zu sein?<\/h2>\t\t\t\t<\/div>\n\t\t\t\t<\/div>\n\t\t\t\t<div class=\"elementor-element elementor-element-b669633 elementor-widget elementor-widget-text-editor\" data-id=\"b669633\" data-element_type=\"widget\" data-widget_type=\"text-editor.default\">\n\t\t\t\t<div class=\"elementor-widget-container\">\n\t\t\t\t\t\t\t\t\t<p>Werde Mitwirkender, Volunteer oder <strong>Sponsoring-Partner.<\/strong><\/p>\t\t\t\t\t\t\t\t<\/div>\n\t\t\t\t<\/div>\n\t\t\t\t<div class=\"elementor-element elementor-element-fd775b5 elementor-mobile-align-justify elementor-align-justify elementor-widget elementor-widget-button\" data-id=\"fd775b5\" data-element_type=\"widget\" data-widget_type=\"button.default\">\n\t\t\t\t<div class=\"elementor-widget-container\">\n\t\t\t\t\t\t\t\t\t<div class=\"elementor-button-wrapper\">\n\t\t\t\t\t<a class=\"elementor-button elementor-button-link elementor-size-sm\" href=\"https:\/\/staging.bodymindandsoulmallorca.com\/en\/shop\/\">\n\t\t\t\t\t\t<span class=\"elementor-button-content-wrapper\">\n\t\t\t\t\t\t\t\t\t<span class=\"elementor-button-text\">Get in contact<\/span>\n\t\t\t\t\t<\/span>\n\t\t\t\t\t<\/a>\n\t\t\t\t<\/div>\n\t\t\t\t\t\t\t\t<\/div>\n\t\t\t\t<\/div>\n\t\t\t\t<\/div>\n\t\t<div class=\"elementor-element elementor-element-406753f e-con-full e-flex e-con e-child\" data-id=\"406753f\" data-element_type=\"container\">\n\t\t\t\t<div class=\"elementor-element elementor-element-5173e03 elementor-widget elementor-widget-heading\" data-id=\"5173e03\" data-element_type=\"widget\" data-widget_type=\"heading.default\">\n\t\t\t\t<div class=\"elementor-widget-container\">\n\t\t\t\t\t<h2 class=\"elementor-heading-title elementor-size-default\">Team<\/h2>\t\t\t\t<\/div>\n\t\t\t\t<\/div>\n\t\t\t\t<div class=\"elementor-element elementor-element-b0662b4 elementor-widget elementor-widget-heading\" data-id=\"b0662b4\" data-element_type=\"widget\" data-widget_type=\"heading.default\">\n\t\t\t\t<div class=\"elementor-widget-container\">\n\t\t\t\t\t<h2 class=\"elementor-heading-title elementor-size-default\">Wir stehen hinter Body Mind &amp; Soul Mallorca<\/h2>\t\t\t\t<\/div>\n\t\t\t\t<\/div>\n\t\t\t\t<\/div>\n\t\t\t\t\t<\/div>\n\t\t\t\t<\/div>\n\t\t<div class=\"elementor-element elementor-element-92e3491 e-flex e-con-boxed e-con e-parent\" data-id=\"92e3491\" data-element_type=\"container\">\n\t\t\t\t\t<div class=\"e-con-inner\">\n\t\t\t\t<div class=\"elementor-element elementor-element-6f4c108 elementor-widget elementor-widget-heading\" data-id=\"6f4c108\" data-element_type=\"widget\" data-widget_type=\"heading.default\">\n\t\t\t\t<div class=\"elementor-widget-container\">\n\t\t\t\t\t<h2 class=\"elementor-heading-title elementor-size-default\">Entdecke unsere Geschichte<\/h2>\t\t\t\t<\/div>\n\t\t\t\t<\/div>\n\t\t\t\t<div class=\"elementor-element elementor-element-93aa8df elementor-widget elementor-widget-text-editor\" data-id=\"93aa8df\" data-element_type=\"widget\" data-widget_type=\"text-editor.default\">\n\t\t\t\t<div class=\"elementor-widget-container\">\n\t\t\t\t\t\t\t\t\t<p><b>Body Mind &amp; Soul Mallorca<\/b> ist mehr als ein Event \u2013 es ist ein lebendiger Raum f\u00fcr Bewusstsein, Heilung und echte Verbindung. Entstanden aus der pers\u00f6nlichen Transformation von Gr\u00fcnder <b>Ren\u00e9 <\/b><b>Knopf<\/b>, dessen Weg ihn vor einigen Jahren zu einem ges\u00fcnderen, bewussteren Leben f\u00fchrte.<\/p><p>Was als pers\u00f6nliche Reise begann, wurde zu einer Plattform \u2013 f\u00fcr Begegnung, Wachstum und ganzheitliche Gesundheit.<\/p>\t\t\t\t\t\t\t\t<\/div>\n\t\t\t\t<\/div>\n\t\t\t\t\t<\/div>\n\t\t\t\t<\/div>\n\t\t<div class=\"elementor-element elementor-element-204a53a e-flex e-con-boxed e-con e-parent\" data-id=\"204a53a\" data-element_type=\"container\">\n\t\t\t\t\t<div class=\"e-con-inner\">\n\t\t<div class=\"elementor-element elementor-element-1e2620b e-con-full e-flex e-con e-child\" data-id=\"1e2620b\" data-element_type=\"container\" data-settings=\"{&quot;background_background&quot;:&quot;classic&quot;}\">\n\t\t\t\t<\/div>\n\t\t<div class=\"elementor-element elementor-element-26b4563 e-con-full e-flex e-con e-child\" data-id=\"26b4563\" data-element_type=\"container\">\n\t\t\t\t<div class=\"elementor-element elementor-element-e0ca69b elementor-widget elementor-widget-heading\" data-id=\"e0ca69b\" data-element_type=\"widget\" data-widget_type=\"heading.default\">\n\t\t\t\t<div class=\"elementor-widget-container\">\n\t\t\t\t\t<h1 class=\"elementor-heading-title elementor-size-default\">Body Mind &amp; Soul Mallorca<\/h1>\t\t\t\t<\/div>\n\t\t\t\t<\/div>\n\t\t\t\t<div class=\"elementor-element elementor-element-6878495 elementor-widget elementor-widget-heading\" data-id=\"6878495\" data-element_type=\"widget\" data-widget_type=\"heading.default\">\n\t\t\t\t<div class=\"elementor-widget-container\">\n\t\t\t\t\t<h2 class=\"elementor-heading-title elementor-size-default\">Wie alles anfing...<\/h2>\t\t\t\t<\/div>\n\t\t\t\t<\/div>\n\t\t\t\t<div class=\"elementor-element elementor-element-f3b6f0e elementor-align-left elementor-icon-list--layout-traditional elementor-list-item-link-full_width elementor-widget elementor-widget-icon-list\" data-id=\"f3b6f0e\" data-element_type=\"widget\" data-widget_type=\"icon-list.default\">\n\t\t\t\t<div class=\"elementor-widget-container\">\n\t\t\t\t\t\t\t<ul class=\"elementor-icon-list-items\">\n\t\t\t\t\t\t\t<li class=\"elementor-icon-list-item\">\n\t\t\t\t\t\t\t\t\t\t\t<span class=\"elementor-icon-list-icon\">\n\t\t\t\t\t\t\t<i aria-hidden=\"true\" class=\"icon icon-sun\"><\/i>\t\t\t\t\t\t<\/span>\n\t\t\t\t\t\t\t\t\t\t<span class=\"elementor-icon-list-text\">Mitten in der magischen Kulisse Mallorcas fand die erste Body Mind &amp; Soul Mallorca statt: Ein dreit\u00e4giges Event, getragen von Herz, Neugier und einer kleinen, kraftvollen Gemeinschaft. Die Themen: Bewusstsein, Heilung, Verbindung. Die Energie: unvergesslich.<\/span>\n\t\t\t\t\t\t\t\t\t<\/li>\n\t\t\t\t\t\t\t\t<li class=\"elementor-icon-list-item\">\n\t\t\t\t\t\t\t\t\t\t\t<span class=\"elementor-icon-list-icon\">\n\t\t\t\t\t\t\t<i aria-hidden=\"true\" class=\"icon icon-sun\"><\/i>\t\t\t\t\t\t<\/span>\n\t\t\t\t\t\t\t\t\t\t<span class=\"elementor-icon-list-text\">Aus drei Tagen wurden acht. Die zweite Ausgabe brachte \u00fcber 80 Speaker:innen, noch mehr Teilnehmer:innen und ein Programm, das K\u00f6rper, Geist und Seele auf allen Ebenen ber\u00fchrte. Bewegung, Medizin, Spiritualit\u00e4t, Wissenschaft und Lebensfreude verbanden sich zu einem ganzheitlichen Erlebnis.<\/span>\n\t\t\t\t\t\t\t\t\t<\/li>\n\t\t\t\t\t\t\t\t<li class=\"elementor-icon-list-item\">\n\t\t\t\t\t\t\t\t\t\t\t<span class=\"elementor-icon-list-icon\">\n\t\t\t\t\t\t\t<i aria-hidden=\"true\" class=\"icon icon-sun\"><\/i>\t\t\t\t\t\t<\/span>\n\t\t\t\t\t\t\t\t\t\t<span class=\"elementor-icon-list-text\">Mit 6 Tagen Body Mind and Soul Mallorca\u00a0und einem exklusiven 3-t\u00e4gigen Retreat mit Dr. Ruediger Dahlke gehen wir in die Tiefe. Noch bewusster. Noch verbundener. In einem gesch\u00fctzten Raum f\u00fcr Transformation und Erkenntnis, getragen von der Kraft einer wachsenden Community.<\/span>\n\t\t\t\t\t\t\t\t\t<\/li>\n\t\t\t\t\t\t<\/ul>\n\t\t\t\t\t\t<\/div>\n\t\t\t\t<\/div>\n\t\t\t\t<\/div>\n\t\t\t\t\t<\/div>\n\t\t\t\t<\/div>\n\t\t\t\t<\/div>","protected":false},"excerpt":{"rendered":"<p>\u00dcber uns Body Mind &amp; Soul Mallorca Body Mind &amp; Soul Mallorca ist mehr als ein Event \u2013 es ist ein Raum der Weite.Eine Einladung, dich zu sp\u00fcren. Dich zu verbinden. Zu wachsen.Wir sind eine Bewegung f\u00fcr ganzheitliche Gesundheit &amp; ganzheitliches Leben. BewussteBegegnung und gelebte Transformation. Hinter dem Event steht ein interdisziplin\u00e4res Team aus Vision\u00e4r:innen,&hellip;<\/p>","protected":false},"author":232,"featured_media":0,"parent":0,"menu_order":0,"comment_status":"closed","ping_status":"closed","template":"","meta":{"_acf_changed":false,"footnotes":""},"class_list":["post-44754","page","type-page","status-publish","hentry"],"acf":[],"_links":{"self":[{"href":"https:\/\/staging.bodymindandsoulmallorca.com\/en\/wp-json\/wp\/v2\/pages\/44754","targetHints":{"allow":["GET"]}}],"collection":[{"href":"https:\/\/staging.bodymindandsoulmallorca.com\/en\/wp-json\/wp\/v2\/pages"}],"about":[{"href":"https:\/\/staging.bodymindandsoulmallorca.com\/en\/wp-json\/wp\/v2\/types\/page"}],"author":[{"embeddable":true,"href":"https:\/\/staging.bodymindandsoulmallorca.com\/en\/wp-json\/wp\/v2\/users\/232"}],"replies":[{"embeddable":true,"href":"https:\/\/staging.bodymindandsoulmallorca.com\/en\/wp-json\/wp\/v2\/comments?post=44754"}],"version-history":[{"count":17,"href":"https:\/\/staging.bodymindandsoulmallorca.com\/en\/wp-json\/wp\/v2\/pages\/44754\/revisions"}],"predecessor-version":[{"id":45002,"href":"https:\/\/staging.bodymindandsoulmallorca.com\/en\/wp-json\/wp\/v2\/pages\/44754\/revisions\/45002"}],"wp:attachment":[{"href":"https:\/\/staging.bodymindandsoulmallorca.com\/en\/wp-json\/wp\/v2\/media?parent=44754"}],"curies":[{"name":"wp","href":"https:\/\/api.w.org\/{rel}","templated":true}]}}