{"id":44562,"date":"2025-11-22T16:47:26","date_gmt":"2025-11-22T15:47:26","guid":{"rendered":"https:\/\/staging.bodymindandsoulmallorca.com\/?page_id=44562"},"modified":"2025-12-02T17:20:06","modified_gmt":"2025-12-02T16:20:06","slug":"anreise-unterkunft","status":"publish","type":"page","link":"https:\/\/staging.bodymindandsoulmallorca.com\/en\/anreise-unterkunft\/","title":{"rendered":"Anreise | Unterkunft"},"content":{"rendered":"<div data-elementor-type=\"wp-page\" data-elementor-id=\"44562\" class=\"elementor elementor-44562\" data-elementor-post-type=\"page\">\n\t\t\t\t<div class=\"elementor-element elementor-element-85e189e e-flex e-con-boxed e-con e-parent\" data-id=\"85e189e\" data-element_type=\"container\">\n\t\t\t\t\t<div class=\"e-con-inner\">\n\t\t<div class=\"elementor-element elementor-element-f3c8836 e-con-full e-flex e-con e-child\" data-id=\"f3c8836\" data-element_type=\"container\" data-settings=\"{&quot;background_background&quot;:&quot;slideshow&quot;,&quot;background_slideshow_gallery&quot;:[{&quot;id&quot;:40765,&quot;url&quot;:&quot;https:\\\/\\\/staging.bodymindandsoulmallorca.com\\\/wp-content\\\/uploads\\\/2025\\\/06\\\/sun-pool.jpg&quot;},{&quot;id&quot;:40763,&quot;url&quot;:&quot;https:\\\/\\\/staging.bodymindandsoulmallorca.com\\\/wp-content\\\/uploads\\\/2025\\\/06\\\/sea.jpg&quot;},{&quot;id&quot;:41212,&quot;url&quot;:&quot;https:\\\/\\\/staging.bodymindandsoulmallorca.com\\\/wp-content\\\/uploads\\\/2025\\\/06\\\/Shiva-pool-570.png&quot;},{&quot;id&quot;:40744,&quot;url&quot;:&quot;https:\\\/\\\/staging.bodymindandsoulmallorca.com\\\/wp-content\\\/uploads\\\/2025\\\/06\\\/sun-club-el-dorado_570.png&quot;},{&quot;id&quot;:40760,&quot;url&quot;:&quot;https:\\\/\\\/staging.bodymindandsoulmallorca.com\\\/wp-content\\\/uploads\\\/2025\\\/06\\\/bar-pool.jpg&quot;},{&quot;id&quot;:40762,&quot;url&quot;:&quot;https:\\\/\\\/staging.bodymindandsoulmallorca.com\\\/wp-content\\\/uploads\\\/2025\\\/06\\\/pool.jpg&quot;},{&quot;id&quot;:40761,&quot;url&quot;:&quot;https:\\\/\\\/staging.bodymindandsoulmallorca.com\\\/wp-content\\\/uploads\\\/2025\\\/06\\\/bungalows.jpg&quot;}],&quot;background_slideshow_slide_duration&quot;:1000,&quot;background_slideshow_transition_duration&quot;:1000,&quot;background_slideshow_loop&quot;:&quot;yes&quot;,&quot;background_slideshow_slide_transition&quot;:&quot;fade&quot;}\">\n\t\t\t\t<\/div>\n\t\t<div class=\"elementor-element elementor-element-27cda4a e-con-full e-flex e-con e-child\" data-id=\"27cda4a\" data-element_type=\"container\">\n\t\t\t\t<div class=\"elementor-element elementor-element-5c80a31 elementor-widget elementor-widget-heading\" data-id=\"5c80a31\" data-element_type=\"widget\" data-widget_type=\"heading.default\">\n\t\t\t\t<div class=\"elementor-widget-container\">\n\t\t\t\t\t<h2 class=\"elementor-heading-title elementor-size-default\">Das Resort<\/h2>\t\t\t\t<\/div>\n\t\t\t\t<\/div>\n\t\t\t\t<div class=\"elementor-element elementor-element-cfe1956 elementor-widget elementor-widget-heading\" data-id=\"cfe1956\" data-element_type=\"widget\" data-widget_type=\"heading.default\">\n\t\t\t\t<div class=\"elementor-widget-container\">\n\t\t\t\t\t<h1 class=\"elementor-heading-title elementor-size-default\">Sun Club Eldorado<\/h1>\t\t\t\t<\/div>\n\t\t\t\t<\/div>\n\t\t\t\t<div class=\"elementor-element elementor-element-905a202 elementor-widget elementor-widget-text-editor\" data-id=\"905a202\" data-element_type=\"widget\" data-widget_type=\"text-editor.default\">\n\t\t\t\t<div class=\"elementor-widget-container\">\n\t\t\t\t\t\t\t\t\t<p>A place of power between the sky, sea and vastness - this is where the Body Mind &amp; Soul Convention 2025 takes place in the south of Mallorca.<\/p><p>Surrounded by Mediterranean nature and with a direct view of the sea, the Sun Club Eldorado offers the perfect backdrop for your inner and outer journey: Retreat, encounter, inspiration - in a place that supports you.<\/p>\t\t\t\t\t\t\t\t<\/div>\n\t\t\t\t<\/div>\n\t\t\t\t<div class=\"elementor-element elementor-element-e608163 elementor-widget elementor-widget-heading\" data-id=\"e608163\" data-element_type=\"widget\" data-widget_type=\"heading.default\">\n\t\t\t\t<div class=\"elementor-widget-container\">\n\t\t\t\t\t<h2 class=\"elementor-heading-title elementor-size-default\">Was diesen Ort besonders macht<\/h2>\t\t\t\t<\/div>\n\t\t\t\t<\/div>\n\t\t\t\t<div class=\"elementor-element elementor-element-39a878c elementor-icon-list--layout-traditional elementor-list-item-link-full_width elementor-widget elementor-widget-icon-list\" data-id=\"39a878c\" data-element_type=\"widget\" data-widget_type=\"icon-list.default\">\n\t\t\t\t<div class=\"elementor-widget-container\">\n\t\t\t\t\t\t\t<ul class=\"elementor-icon-list-items\">\n\t\t\t\t\t\t\t<li class=\"elementor-icon-list-item\">\n\t\t\t\t\t\t\t\t\t\t\t<span class=\"elementor-icon-list-icon\">\n\t\t\t\t\t\t\t<i aria-hidden=\"true\" class=\"icon icon-sun\"><\/i>\t\t\t\t\t\t<\/span>\n\t\t\t\t\t\t\t\t\t\t<span class=\"elementor-icon-list-text\">Spacious grounds near the coast<\/span>\n\t\t\t\t\t\t\t\t\t<\/li>\n\t\t\t\t\t\t\t\t<li class=\"elementor-icon-list-item\">\n\t\t\t\t\t\t\t\t\t\t\t<span class=\"elementor-icon-list-icon\">\n\t\t\t\t\t\t\t<i aria-hidden=\"true\" class=\"icon icon-sun\"><\/i>\t\t\t\t\t\t<\/span>\n\t\t\t\t\t\t\t\t\t\t<span class=\"elementor-icon-list-text\">Raum f\u00fcr Workshops, Retreats &amp; Rituale \u2013 indoor &amp; unter freiem Himmel<\/span>\n\t\t\t\t\t\t\t\t\t<\/li>\n\t\t\t\t\t\t\t\t<li class=\"elementor-icon-list-item\">\n\t\t\t\t\t\t\t\t\t\t\t<span class=\"elementor-icon-list-icon\">\n\t\t\t\t\t\t\t<i aria-hidden=\"true\" class=\"icon icon-sun\"><\/i>\t\t\t\t\t\t<\/span>\n\t\t\t\t\t\t\t\t\t\t<span class=\"elementor-icon-list-text\">Accommodation options directly on site<\/span>\n\t\t\t\t\t\t\t\t\t<\/li>\n\t\t\t\t\t\t\t\t<li class=\"elementor-icon-list-item\">\n\t\t\t\t\t\t\t\t\t\t\t<span class=\"elementor-icon-list-icon\">\n\t\t\t\t\t\t\t<i aria-hidden=\"true\" class=\"icon icon-sun\"><\/i>\t\t\t\t\t\t<\/span>\n\t\t\t\t\t\t\t\t\t\t<span class=\"elementor-icon-list-text\">Magische Sonnenauf- &amp; -unterg\u00e4nge<\/span>\n\t\t\t\t\t\t\t\t\t<\/li>\n\t\t\t\t\t\t\t\t<li class=\"elementor-icon-list-item\">\n\t\t\t\t\t\t\t\t\t\t\t<span class=\"elementor-icon-list-icon\">\n\t\t\t\t\t\t\t<i aria-hidden=\"true\" class=\"icon icon-sun\"><\/i>\t\t\t\t\t\t<\/span>\n\t\t\t\t\t\t\t\t\t\t<span class=\"elementor-icon-list-text\">Proximity to Palma airport (approx. 20 minutes)<\/span>\n\t\t\t\t\t\t\t\t\t<\/li>\n\t\t\t\t\t\t<\/ul>\n\t\t\t\t\t\t<\/div>\n\t\t\t\t<\/div>\n\t\t\t\t<div class=\"elementor-element elementor-element-2bb669d elementor-mobile-align-justify elementor-widget elementor-widget-button\" data-id=\"2bb669d\" data-element_type=\"widget\" data-widget_type=\"button.default\">\n\t\t\t\t<div class=\"elementor-widget-container\">\n\t\t\t\t\t\t\t\t\t<div class=\"elementor-button-wrapper\">\n\t\t\t\t\t<a class=\"elementor-button elementor-button-link elementor-size-sm\" href=\"https:\/\/maps.app.goo.gl\/hVfhtyeEfyzgCPMUA\" target=\"_blank\" rel=\"noopener\">\n\t\t\t\t\t\t<span class=\"elementor-button-content-wrapper\">\n\t\t\t\t\t\t\t\t\t<span class=\"elementor-button-text\">Google Maps \u00f6ffnen<\/span>\n\t\t\t\t\t<\/span>\n\t\t\t\t\t<\/a>\n\t\t\t\t<\/div>\n\t\t\t\t\t\t\t\t<\/div>\n\t\t\t\t<\/div>\n\t\t\t\t<\/div>\n\t\t\t\t\t<\/div>\n\t\t\t\t<\/div>\n\t\t<div class=\"elementor-element elementor-element-8f5e9d2 e-flex e-con-boxed e-con e-parent\" data-id=\"8f5e9d2\" data-element_type=\"container\">\n\t\t\t\t\t<div class=\"e-con-inner\">\n\t\t<div class=\"elementor-element elementor-element-733e817 e-con-full e-flex e-con e-child\" data-id=\"733e817\" data-element_type=\"container\">\n\t\t\t\t<div class=\"elementor-element elementor-element-505a665 elementor-position-left elementor-view-default elementor-mobile-position-top elementor-widget elementor-widget-icon-box\" data-id=\"505a665\" data-element_type=\"widget\" data-widget_type=\"icon-box.default\">\n\t\t\t\t<div class=\"elementor-widget-container\">\n\t\t\t\t\t\t\t<div class=\"elementor-icon-box-wrapper\">\n\n\t\t\t\t\t\t<div class=\"elementor-icon-box-icon\">\n\t\t\t\t<span  class=\"elementor-icon\">\n\t\t\t\t<svg aria-hidden=\"true\" class=\"e-font-icon-svg e-fas-plane-arrival\" viewbox=\"0 0 640 512\" xmlns=\"http:\/\/www.w3.org\/2000\/svg\"><path d=\"M624 448H16c-8.84 0-16 7.16-16 16v32c0 8.84 7.16 16 16 16h608c8.84 0 16-7.16 16-16v-32c0-8.84-7.16-16-16-16zM44.81 205.66l88.74 80a62.607 62.607 0 0 0 25.47 13.93l287.6 78.35c26.48 7.21 54.56 8.72 81 1.36 29.67-8.27 43.44-21.21 47.25-35.71 3.83-14.5-1.73-32.71-23.37-54.96-19.28-19.82-44.35-32.79-70.83-40l-97.51-26.56L282.8 30.22c-1.51-5.81-5.95-10.35-11.66-11.91L206.05.58c-10.56-2.88-20.9 5.32-20.71 16.44l47.92 164.21-102.2-27.84-27.59-67.88c-1.93-4.89-6.01-8.57-11.02-9.93L52.72 64.75c-10.34-2.82-20.53 5-20.72 15.88l.23 101.78c.19 8.91 6.03 17.34 12.58 23.25z\"><\/path><\/svg>\t\t\t\t<\/span>\n\t\t\t<\/div>\n\t\t\t\n\t\t\t\t\t\t<div class=\"elementor-icon-box-content\">\n\n\t\t\t\t\t\t\t\t\t<h3 class=\"elementor-icon-box-title\">\n\t\t\t\t\t\t<span  >\n\t\t\t\t\t\t\tZielflughafen: Palma de Mallorca (PMI)\t\t\t\t\t\t<\/span>\n\t\t\t\t\t<\/h3>\n\t\t\t\t\n\t\t\t\t\t\t\t\t\t<p class=\"elementor-icon-box-description\">\n\t\t\t\t\t\tVon dort erreichst du den Veranstaltungsort in ca. 20\u201325 Minuten mit Taxi oder Shuttle.\t\t\t\t\t<\/p>\n\t\t\t\t\n\t\t\t<\/div>\n\t\t\t\n\t\t<\/div>\n\t\t\t\t\t\t<\/div>\n\t\t\t\t<\/div>\n\t\t\t\t<\/div>\n\t\t<div class=\"elementor-element elementor-element-bf24fe8 e-con-full e-flex e-con e-child\" data-id=\"bf24fe8\" data-element_type=\"container\">\n\t\t\t\t<div class=\"elementor-element elementor-element-e41d0de elementor-position-left elementor-view-default elementor-mobile-position-top elementor-widget elementor-widget-icon-box\" data-id=\"e41d0de\" data-element_type=\"widget\" data-widget_type=\"icon-box.default\">\n\t\t\t\t<div class=\"elementor-widget-container\">\n\t\t\t\t\t\t\t<div class=\"elementor-icon-box-wrapper\">\n\n\t\t\t\t\t\t<div class=\"elementor-icon-box-icon\">\n\t\t\t\t<span  class=\"elementor-icon\">\n\t\t\t\t<svg aria-hidden=\"true\" class=\"e-font-icon-svg e-fas-sun\" viewbox=\"0 0 512 512\" xmlns=\"http:\/\/www.w3.org\/2000\/svg\"><path d=\"M256 160c-52.9 0-96 43.1-96 96s43.1 96 96 96 96-43.1 96-96-43.1-96-96-96zm246.4 80.5l-94.7-47.3 33.5-100.4c4.5-13.6-8.4-26.5-21.9-21.9l-100.4 33.5-47.4-94.8c-6.4-12.8-24.6-12.8-31 0l-47.3 94.7L92.7 70.8c-13.6-4.5-26.5 8.4-21.9 21.9l33.5 100.4-94.7 47.4c-12.8 6.4-12.8 24.6 0 31l94.7 47.3-33.5 100.5c-4.5 13.6 8.4 26.5 21.9 21.9l100.4-33.5 47.3 94.7c6.4 12.8 24.6 12.8 31 0l47.3-94.7 100.4 33.5c13.6 4.5 26.5-8.4 21.9-21.9l-33.5-100.4 94.7-47.3c13-6.5 13-24.7.2-31.1zm-155.9 106c-49.9 49.9-131.1 49.9-181 0-49.9-49.9-49.9-131.1 0-181 49.9-49.9 131.1-49.9 181 0 49.9 49.9 49.9 131.1 0 181z\"><\/path><\/svg>\t\t\t\t<\/span>\n\t\t\t<\/div>\n\t\t\t\n\t\t\t\t\t\t<div class=\"elementor-icon-box-content\">\n\n\t\t\t\t\t\t\t\t\t<h3 class=\"elementor-icon-box-title\">\n\t\t\t\t\t\t<span  >\n\t\t\t\t\t\t\tSun Club Eldorado\t\t\t\t\t\t<\/span>\n\t\t\t\t\t<\/h3>\n\t\t\t\t\n\t\t\t\t\t\t\t\t\t<p class=\"elementor-icon-box-description\">\n\t\t\t\t\t\tCtra. Cabo Blanco, Km 11, 07609 Cabo Regana, Mallorca\t\t\t\t\t<\/p>\n\t\t\t\t\n\t\t\t<\/div>\n\t\t\t\n\t\t<\/div>\n\t\t\t\t\t\t<\/div>\n\t\t\t\t<\/div>\n\t\t\t\t<\/div>\n\t\t<div class=\"elementor-element elementor-element-e7f6045 e-con-full e-flex e-con e-child\" data-id=\"e7f6045\" data-element_type=\"container\">\n\t\t\t\t<div class=\"elementor-element elementor-element-d5e44b1 elementor-position-left elementor-view-default elementor-mobile-position-top elementor-widget elementor-widget-icon-box\" data-id=\"d5e44b1\" data-element_type=\"widget\" data-widget_type=\"icon-box.default\">\n\t\t\t\t<div class=\"elementor-widget-container\">\n\t\t\t\t\t\t\t<div class=\"elementor-icon-box-wrapper\">\n\n\t\t\t\t\t\t<div class=\"elementor-icon-box-icon\">\n\t\t\t\t<span  class=\"elementor-icon\">\n\t\t\t\t<svg aria-hidden=\"true\" class=\"e-font-icon-svg e-fas-ticket-alt\" viewbox=\"0 0 576 512\" xmlns=\"http:\/\/www.w3.org\/2000\/svg\"><path d=\"M128 160h320v192H128V160zm400 96c0 26.51 21.49 48 48 48v96c0 26.51-21.49 48-48 48H48c-26.51 0-48-21.49-48-48v-96c26.51 0 48-21.49 48-48s-21.49-48-48-48v-96c0-26.51 21.49-48 48-48h480c26.51 0 48 21.49 48 48v96c-26.51 0-48 21.49-48 48zm-48-104c0-13.255-10.745-24-24-24H120c-13.255 0-24 10.745-24 24v208c0 13.255 10.745 24 24 24h336c13.255 0 24-10.745 24-24V152z\"><\/path><\/svg>\t\t\t\t<\/span>\n\t\t\t<\/div>\n\t\t\t\n\t\t\t\t\t\t<div class=\"elementor-icon-box-content\">\n\n\t\t\t\t\t\t\t\t\t<h3 class=\"elementor-icon-box-title\">\n\t\t\t\t\t\t<span  >\n\t\t\t\t\t\t\tDie Teilnahme ist ohne \u00dcbernachtung m\u00f6glich \u2013 aber:\t\t\t\t\t\t<\/span>\n\t\t\t\t\t<\/h3>\n\t\t\t\t\n\t\t\t\t\t\t\t\t\t<p class=\"elementor-icon-box-description\">\n\t\t\t\t\t\tWir empfehlen, vor Ort im Sun Club Eldorado zu wohnen. Die Unterkunft ist direkt mit dem\nFestivalgel\u00e4nde verbunden. So bist du mitten im Geschehen \u2013 und mitten bei dir.\t\t\t\t\t<\/p>\n\t\t\t\t\n\t\t\t<\/div>\n\t\t\t\n\t\t<\/div>\n\t\t\t\t\t\t<\/div>\n\t\t\t\t<\/div>\n\t\t\t\t<\/div>\n\t\t<div class=\"elementor-element elementor-element-da44b70 e-con-full e-flex e-con e-child\" data-id=\"da44b70\" data-element_type=\"container\">\n\t\t\t\t<div class=\"elementor-element elementor-element-7a2e42c elementor-position-left elementor-view-default elementor-mobile-position-top elementor-widget elementor-widget-icon-box\" data-id=\"7a2e42c\" data-element_type=\"widget\" data-widget_type=\"icon-box.default\">\n\t\t\t\t<div class=\"elementor-widget-container\">\n\t\t\t\t\t\t\t<div class=\"elementor-icon-box-wrapper\">\n\n\t\t\t\t\t\t<div class=\"elementor-icon-box-icon\">\n\t\t\t\t<span  class=\"elementor-icon\">\n\t\t\t\t<svg aria-hidden=\"true\" class=\"e-font-icon-svg e-fas-bed\" viewbox=\"0 0 640 512\" xmlns=\"http:\/\/www.w3.org\/2000\/svg\"><path d=\"M176 256c44.11 0 80-35.89 80-80s-35.89-80-80-80-80 35.89-80 80 35.89 80 80 80zm352-128H304c-8.84 0-16 7.16-16 16v144H64V80c0-8.84-7.16-16-16-16H16C7.16 64 0 71.16 0 80v352c0 8.84 7.16 16 16 16h32c8.84 0 16-7.16 16-16v-48h512v48c0 8.84 7.16 16 16 16h32c8.84 0 16-7.16 16-16V240c0-61.86-50.14-112-112-112z\"><\/path><\/svg>\t\t\t\t<\/span>\n\t\t\t<\/div>\n\t\t\t\n\t\t\t\t\t\t<div class=\"elementor-icon-box-content\">\n\n\t\t\t\t\t\t\t\t\t<h3 class=\"elementor-icon-box-title\">\n\t\t\t\t\t\t<span  >\n\t\t\t\t\t\t\t\u00dcbernachtung\t\t\t\t\t\t<\/span>\n\t\t\t\t\t<\/h3>\n\t\t\t\t\n\t\t\t\t\t\t\t\t\t<p class=\"elementor-icon-box-description\">\n\t\t\t\t\t\tVon dort erreichst du den Veranstaltungsort in ca. 20\u201325 Minuten mit Taxi oder Shuttle.\t\t\t\t\t<\/p>\n\t\t\t\t\n\t\t\t<\/div>\n\t\t\t\n\t\t<\/div>\n\t\t\t\t\t\t<\/div>\n\t\t\t\t<\/div>\n\t\t\t\t<div class=\"elementor-element elementor-element-b47dac3 elementor-icon-list--layout-traditional elementor-list-item-link-full_width elementor-widget elementor-widget-icon-list\" data-id=\"b47dac3\" data-element_type=\"widget\" data-widget_type=\"icon-list.default\">\n\t\t\t\t<div class=\"elementor-widget-container\">\n\t\t\t\t\t\t\t<ul class=\"elementor-icon-list-items\">\n\t\t\t\t\t\t\t<li class=\"elementor-icon-list-item\">\n\t\t\t\t\t\t\t\t\t\t\t<span class=\"elementor-icon-list-icon\">\n\t\t\t\t\t\t\t<i aria-hidden=\"true\" class=\"icon icon-chevron-right\"><\/i>\t\t\t\t\t\t<\/span>\n\t\t\t\t\t\t\t\t\t\t<span class=\"elementor-icon-list-text\">Einzel- &amp; Doppelzimmer (Einzelzimmer gegen Aufpreis buchbar)<\/span>\n\t\t\t\t\t\t\t\t\t<\/li>\n\t\t\t\t\t\t\t\t<li class=\"elementor-icon-list-item\">\n\t\t\t\t\t\t\t\t\t\t\t<span class=\"elementor-icon-list-icon\">\n\t\t\t\t\t\t\t<i aria-hidden=\"true\" class=\"icon icon-chevron-right\"><\/i>\t\t\t\t\t\t<\/span>\n\t\t\t\t\t\t\t\t\t\t<span class=\"elementor-icon-list-text\">Bungalows f\u00fcr Gruppen bis zu 4 Personen<\/span>\n\t\t\t\t\t\t\t\t\t<\/li>\n\t\t\t\t\t\t\t\t<li class=\"elementor-icon-list-item\">\n\t\t\t\t\t\t\t\t\t\t\t<span class=\"elementor-icon-list-icon\">\n\t\t\t\t\t\t\t<i aria-hidden=\"true\" class=\"icon icon-chevron-right\"><\/i>\t\t\t\t\t\t<\/span>\n\t\t\t\t\t\t\t\t\t\t<span class=\"elementor-icon-list-text\">Vegane\/vegetarische Verpflegung buchbar gegen Aufpreis<\/span>\n\t\t\t\t\t\t\t\t\t<\/li>\n\t\t\t\t\t\t<\/ul>\n\t\t\t\t\t\t<\/div>\n\t\t\t\t<\/div>\n\t\t\t\t<\/div>\n\t\t\t\t\t<\/div>\n\t\t\t\t<\/div>\n\t\t<div class=\"elementor-element elementor-element-22bb438 e-flex e-con-boxed e-con e-parent\" data-id=\"22bb438\" data-element_type=\"container\">\n\t\t\t\t\t<div class=\"e-con-inner\">\n\t\t\t\t<div class=\"elementor-element elementor-element-682c96b elementor-widget elementor-widget-google_maps\" data-id=\"682c96b\" data-element_type=\"widget\" data-widget_type=\"google_maps.default\">\n\t\t\t\t<div class=\"elementor-widget-container\">\n\t\t\t\t\t\t\t<div class=\"elementor-custom-embed\">\n\t\t\t<iframe loading=\"lazy\"\n\t\t\t\t\tsrc=\"https:\/\/maps.google.com\/maps?q=Ctra.%20Cabo%20Blanco%2C%20Km%2011%2C%2007609%20Cabo%20Regana%2C%20Mallorca&#038;t=m&#038;z=10&#038;output=embed&#038;iwloc=near\"\n\t\t\t\t\ttitle=\"Ctra. Cabo Blanco, Km 11, 07609 Cabo Regana, Mallorca\"\n\t\t\t\t\taria-label=\"Ctra. Cabo Blanco, Km 11, 07609 Cabo Regana, Mallorca\"\n\t\t\t><\/iframe>\n\t\t<\/div>\n\t\t\t\t\t\t<\/div>\n\t\t\t\t<\/div>\n\t\t\t\t\t<\/div>\n\t\t\t\t<\/div>\n\t\t\t\t<\/div>","protected":false},"excerpt":{"rendered":"<p>Das Resort Sun Club Eldorado Ein Kraftplatz zwischen Himmel, Meer und Weite \u2013 genau hier, im S\u00fcden Mallorcas, findet die Body Mind &amp; Soul Convention 2025 statt. Inmitten mediterraner Natur und mit direktem Blick aufs Meer bietet der Sun Club Eldorado die perfekte Kulisse f\u00fcr deine innere und \u00e4u\u00dfere Reise: R\u00fcckzug, Begegnung, Inspiration \u2013 an&hellip;<\/p>","protected":false},"author":232,"featured_media":0,"parent":0,"menu_order":0,"comment_status":"closed","ping_status":"closed","template":"","meta":{"_acf_changed":false,"footnotes":""},"class_list":["post-44562","page","type-page","status-publish","hentry"],"acf":[],"_links":{"self":[{"href":"https:\/\/staging.bodymindandsoulmallorca.com\/en\/wp-json\/wp\/v2\/pages\/44562","targetHints":{"allow":["GET"]}}],"collection":[{"href":"https:\/\/staging.bodymindandsoulmallorca.com\/en\/wp-json\/wp\/v2\/pages"}],"about":[{"href":"https:\/\/staging.bodymindandsoulmallorca.com\/en\/wp-json\/wp\/v2\/types\/page"}],"author":[{"embeddable":true,"href":"https:\/\/staging.bodymindandsoulmallorca.com\/en\/wp-json\/wp\/v2\/users\/232"}],"replies":[{"embeddable":true,"href":"https:\/\/staging.bodymindandsoulmallorca.com\/en\/wp-json\/wp\/v2\/comments?post=44562"}],"version-history":[{"count":37,"href":"https:\/\/staging.bodymindandsoulmallorca.com\/en\/wp-json\/wp\/v2\/pages\/44562\/revisions"}],"predecessor-version":[{"id":45386,"href":"https:\/\/staging.bodymindandsoulmallorca.com\/en\/wp-json\/wp\/v2\/pages\/44562\/revisions\/45386"}],"wp:attachment":[{"href":"https:\/\/staging.bodymindandsoulmallorca.com\/en\/wp-json\/wp\/v2\/media?parent=44562"}],"curies":[{"name":"wp","href":"https:\/\/api.w.org\/{rel}","templated":true}]}}